{"id":2153,"date":"2018-03-13T11:53:58","date_gmt":"2018-03-13T10:53:58","guid":{"rendered":"http:\/\/www.culture-relations.ch\/ctrl\/intercultural-competence\/international-mergers\/"},"modified":"2025-05-22T11:53:54","modified_gmt":"2025-05-22T09:53:54","slug":"fusions-internationales","status":"publish","type":"page","link":"https:\/\/www.culture-relations.net\/fr\/intercultural-competence\/fusions-internationales\/","title":{"rendered":"Fusions internationales"},"content":{"rendered":"\n<div class=\"wp-block-group box has-neutral-background-color has-background has-global-padding is-layout-constrained wp-container-core-group-is-layout-800f937d wp-block-group-is-layout-constrained\" style=\"margin-bottom:var(--wp--preset--spacing--30);padding-top:var(--wp--preset--spacing--40);padding-right:var(--wp--preset--spacing--40);padding-bottom:var(--wp--preset--spacing--40);padding-left:var(--wp--preset--spacing--40)\">\n<h2 class=\"wp-block-heading\">Le facteur cl\u00e9 des fusions &amp; acquisitions : La culture<\/h2>\n\n\n\n<blockquote class=\"wp-block-quote has-red-color has-text-color has-link-color wp-elements-ac77d4aa740d4c7a183753d8c4a35615 is-layout-flow wp-block-quote-is-layout-flow\">\n<p>&#8221; Pensez culture &#8211; pensez histoire.&#8221;<\/p>\n<cite>&#8211; Edgar Schein<\/cite><\/blockquote>\n\n\n\n<p>Depuis le &#8220;Divorce du si\u00e8cle&#8221; entre Daimler et Chrysler en 2007, un facteur longtemps sous-estim\u00e9 a gagn\u00e9 en visibilit\u00e9 : <strong>les diff\u00e9rences culturelles, qui peuvent sceller le succ\u00e8s ou pr\u00e9cipiter l&#8217;\u00e9chec d&#8217;une fusion.<\/strong><br>Aujourd\u2019hui, on estime qu\u2019elles sont au c\u0153ur de 30 % des \u00e9checs d\u2019int\u00e9gration post-M&amp;A.<\/p>\n<\/div>\n\n\n\n<h2 class=\"wp-block-heading\">Deux cultures &#8211;  deux r\u00e9alit\u00e9s<\/h2>\n\n\n\n<p>Deux entreprises suisses des ann\u00e9es 90, jeunes, ambitieuses, concurrentes sur leur march\u00e9 local. Sur le papier, une fusion id\u00e9ale. Lors de ma visite sur le terrain, un choc des cultures :<\/p>\n\n\n\n<div class=\"wp-block-columns is-layout-flex wp-container-core-columns-is-layout-28f84493 wp-block-columns-is-layout-flex\">\n<div class=\"wp-block-column is-layout-flow wp-block-column-is-layout-flow\" style=\"flex-basis:66.66%\">\n<div style=\"height:12px\" aria-hidden=\"true\" class=\"wp-block-spacer\"><\/div>\n\n\n\n<ul class=\"wp-block-list\">\n<li><strong>Accueil<\/strong> : cosy, chaleureux et relationnel d&#8217;un c\u00f4t\u00e9 ; fonctionnel, \u00e9pur\u00e9 et distant de l\u2019autre.<\/li>\n\n\n\n<li><strong>Espaces de travail<\/strong> : flexibilit\u00e9 et t\u00e9l\u00e9travail contre bureaux ferm\u00e9s et cloisonn\u00e9s.<\/li>\n\n\n\n<li><strong>Organisation<\/strong> : libert\u00e9 individuelle face \u00e0 des processus strictement encadr\u00e9s.<\/li>\n\n\n\n<li><strong>Valeurs<\/strong> : centr\u00e9es sur l\u2019interne (esprit d&#8217;\u00e9quipe) versus orient\u00e9es client (relation commerciale).<\/li>\n<\/ul>\n\n\n\n<p>Leadership, communication interne, marketing\u2026 les d\u00e9calages \u00e9taient profonds.<br>La fusion n&#8217;a pas abouti.<\/p>\n<\/div>\n\n\n\n<div class=\"wp-block-column is-layout-flow wp-block-column-is-layout-flow\" style=\"flex-basis:33.33%\">\n<figure class=\"wp-block-image alignleft size-large is-resized\"><img loading=\"lazy\" decoding=\"async\" width=\"1024\" height=\"789\" src=\"https:\/\/www.culture-relations.net\/wp-content\/uploads\/2025\/05\/OCAI_F-1024x789.png\" alt=\"\" class=\"wp-image-8106\" style=\"width:260px;height:auto\" srcset=\"https:\/\/www.culture-relations.net\/wp-content\/uploads\/2025\/05\/OCAI_F-1024x789.png 1024w, https:\/\/www.culture-relations.net\/wp-content\/uploads\/2025\/05\/OCAI_F-350x270.png 350w, https:\/\/www.culture-relations.net\/wp-content\/uploads\/2025\/05\/OCAI_F-768x592.png 768w, https:\/\/www.culture-relations.net\/wp-content\/uploads\/2025\/05\/OCAI_F.png 1519w\" sizes=\"auto, (max-width: 1024px) 100vw, 1024px\" \/><\/figure>\n<\/div>\n<\/div>\n\n\n\n<div style=\"height:30px\" aria-hidden=\"true\" class=\"wp-block-spacer\"><\/div>\n\n\n\n<h2 class=\"wp-block-heading\">Fusion transfrontali\u00e8re : la culture nationale entre en sc\u00e8ne<\/h2>\n\n\n\n<p>Dans une fusion Suisse-France, d&#8217;autres \u00e9carts ont \u00e9merg\u00e9 : <br>D&#8217;un c\u00f4t\u00e9, une entreprise suisse exigeant des produits d&#8217;une <strong>qualit\u00e9 <\/strong>sans compromis pour son march\u00e9 local ; de l&#8217;autre, une entreprise fran\u00e7aise adapt\u00e9e \u00e0 des march\u00e9s en d\u00e9veloppement, o\u00f9 le <strong>prix<\/strong> prime sur la <strong>perfection<\/strong>.<\/p>\n\n\n\n<div class=\"wp-block-columns is-layout-flex wp-container-core-columns-is-layout-28f84493 wp-block-columns-is-layout-flex\">\n<div class=\"wp-block-column is-layout-flow wp-block-column-is-layout-flow\" style=\"flex-basis:55%\">\n<p><br>Lors d&#8217;une r\u00e9union de travail, un dirigeant fran\u00e7ais m&#8217;a dit en plaisantant :<br><br><strong><em>&#8220;Ils fabriquent des Rolls-Royce pour un march\u00e9 qui a besoin de Renault 4L.&#8221; <\/em><\/strong><br><br>La fusion n&#8217;a jamais donn\u00e9 les r\u00e9sultats escompt\u00e9s et a \u00e9t\u00e9 consid\u00e9r\u00e9e comme un \u00e9chec.<\/p>\n<\/div>\n\n\n\n<div class=\"wp-block-column is-layout-flow wp-block-column-is-layout-flow\" style=\"flex-basis:45%\">\n<figure class=\"wp-block-image size-large\"><img loading=\"lazy\" decoding=\"async\" width=\"1024\" height=\"463\" src=\"https:\/\/www.culture-relations.net\/wp-content\/uploads\/2025\/05\/IC_FUSIONS_2-1024x463.png\" alt=\"\" class=\"wp-image-7327\" srcset=\"https:\/\/www.culture-relations.net\/wp-content\/uploads\/2025\/05\/IC_FUSIONS_2-1024x463.png 1024w, https:\/\/www.culture-relations.net\/wp-content\/uploads\/2025\/05\/IC_FUSIONS_2-350x158.png 350w, https:\/\/www.culture-relations.net\/wp-content\/uploads\/2025\/05\/IC_FUSIONS_2-768x347.png 768w, https:\/\/www.culture-relations.net\/wp-content\/uploads\/2025\/05\/IC_FUSIONS_2-1536x694.png 1536w, https:\/\/www.culture-relations.net\/wp-content\/uploads\/2025\/05\/IC_FUSIONS_2.png 1883w\" sizes=\"auto, (max-width: 1024px) 100vw, 1024px\" \/><\/figure>\n<\/div>\n<\/div>\n\n\n\n<h2 class=\"wp-block-heading\">Pourquoi la culture doit pr\u00e9c\u00e9der la strat\u00e9gie<\/h2>\n\n\n\n<p>Les dirigeants de ces deux fusions l&#8217;ont appris \u00e0 leurs d\u00e9pens : <strong>analyser la culture avant de fusionner<\/strong> n&#8217;est pas un luxe, c&#8217;est un imp\u00e9ratif.<br>Un programme d&#8217;int\u00e9gration culturelle bien con\u00e7u peut \u00e9viter les malentendus, fluidifier l&#8217;int\u00e9gration et s\u00e9curiser la valeur de l\u2019op\u00e9ration.<\/p>\n\n\n\n<blockquote class=\"wp-block-quote has-red-color has-text-color has-link-color wp-elements-2cc2f0868cdd34eda06d411173789722 is-layout-flow wp-block-quote-is-layout-flow\">\n<p>&#8221; La culture devrait \u00eatre analys\u00e9e avant chaque changement strat\u00e9gique.&#8221;<\/p>\n<cite>&#8211;&nbsp; Edgar Schein<\/cite><\/blockquote>\n\n\n\n<div style=\"height:30px\" aria-hidden=\"true\" class=\"wp-block-spacer\"><\/div>\n\n\n\n<p class=\"has-very-light-gray-background-color has-background\">\u2192 Dans toute fusion, <strong>la culture doit \u00eatre \u00e9valu\u00e9e au m\u00eame niveau que les synergies financi\u00e8res<\/strong>.<br><strong>Sensibiliser<\/strong> les \u00e9quipes et les dirigeants aux diff\u00e9rences culturelles est un investissement indispensable pour \u00e9viter les clashs\u2026 et construire une nouvelle identit\u00e9 commune.<\/p>\n\n\n\n<hr class=\"wp-block-separator has-css-opacity\"\/>\n\n\n\n<p class=\"has-small-font-size\">* Kim. S. Cameron, Robert E. Quinn et al. <em>&#8220;Competing Values Leadership &#8211; OCAI&#8221;<\/em><br>* Edgar H. Schein, auteur des livres \u201c<em>Organizational Culture and Leadership\u201d et<\/em> <em>&#8220;The CorporateCulture Survival Guide\u201d<\/em><\/p>\n\n\n\n<p><\/p>\n","protected":false},"excerpt":{"rendered":"<p>Le facteur cl\u00e9 des fusions &amp; acquisitions : La culture &#8221; Pensez culture &#8211; pensez histoire.&#8221; Depuis le &#8220;Divorce du si\u00e8cle&#8221; entre Daimler et Chrysler en 2007, un facteur longtemps sous-estim\u00e9 a gagn\u00e9 en visibilit\u00e9 : les diff\u00e9rences culturelles, qui peuvent sceller le succ\u00e8s ou pr\u00e9cipiter l&#8217;\u00e9chec d&#8217;une fusion.Aujourd\u2019hui, on estime qu\u2019elles sont au c\u0153ur [&hellip;]<\/p>\n","protected":false},"author":1,"featured_media":0,"parent":902,"menu_order":0,"comment_status":"closed","ping_status":"closed","template":"content-pages-IC.php","meta":{"_genesis_hide_title":false,"_genesis_hide_breadcrumbs":false,"_genesis_hide_singular_image":false,"_genesis_hide_footer_widgets":false,"_genesis_custom_body_class":"","_genesis_custom_post_class":"","_genesis_layout":"","footnotes":""},"class_list":{"0":"post-2153","1":"page","2":"type-page","3":"status-publish","5":"entry"},"_links":{"self":[{"href":"https:\/\/www.culture-relations.net\/fr\/wp-json\/wp\/v2\/pages\/2153","targetHints":{"allow":["GET"]}}],"collection":[{"href":"https:\/\/www.culture-relations.net\/fr\/wp-json\/wp\/v2\/pages"}],"about":[{"href":"https:\/\/www.culture-relations.net\/fr\/wp-json\/wp\/v2\/types\/page"}],"author":[{"embeddable":true,"href":"https:\/\/www.culture-relations.net\/fr\/wp-json\/wp\/v2\/users\/1"}],"replies":[{"embeddable":true,"href":"https:\/\/www.culture-relations.net\/fr\/wp-json\/wp\/v2\/comments?post=2153"}],"version-history":[{"count":4,"href":"https:\/\/www.culture-relations.net\/fr\/wp-json\/wp\/v2\/pages\/2153\/revisions"}],"predecessor-version":[{"id":8120,"href":"https:\/\/www.culture-relations.net\/fr\/wp-json\/wp\/v2\/pages\/2153\/revisions\/8120"}],"up":[{"embeddable":true,"href":"https:\/\/www.culture-relations.net\/fr\/wp-json\/wp\/v2\/pages\/902"}],"wp:attachment":[{"href":"https:\/\/www.culture-relations.net\/fr\/wp-json\/wp\/v2\/media?parent=2153"}],"curies":[{"name":"wp","href":"https:\/\/api.w.org\/{rel}","templated":true}]}}