{"id":2464,"date":"2018-05-16T11:10:52","date_gmt":"2018-05-16T09:10:52","guid":{"rendered":"https:\/\/www.culture-relations.net\/developpement-organisation\/keeping-dynamic-balance\/"},"modified":"2025-05-20T14:45:44","modified_gmt":"2025-05-20T12:45:44","slug":"entretenir-un-equilibre-dynamique","status":"publish","type":"page","link":"https:\/\/www.culture-relations.net\/fr\/developpement-organisation\/entretenir-un-equilibre-dynamique\/","title":{"rendered":"Entretenir un \u00e9quilibre dynamique"},"content":{"rendered":"\n<div class=\"wp-block-group has-global-padding is-layout-constrained wp-block-group-is-layout-constrained\">\n<h3 class=\"wp-block-heading has-yellow-color has-text-color has-link-color wp-elements-0e6fc34224586076e92f44d2f2fa9c99\"><strong>Naviguer dans le changement avec l\u2019Interaction Centr\u00e9e sur le Th\u00e8me (ICT)<\/strong><\/h3>\n\n\n\n<div style=\"height:40px\" aria-hidden=\"true\" class=\"wp-block-spacer\"><\/div>\n\n\n\n<p class=\"has-neutral-background-color has-background\">Le <strong>d\u00e9veloppement organisationnel (DO)<\/strong> accueille le changement \u2014 interne comme externe \u2014 et l\u2019utilise comme moteur de renouvellement. Son objectif ? Aider les organisations \u00e0 s\u2019adapter plus vite et plus intelligemment \u00e0 un monde VICA: volatil, incertain, complexe et ambigu.<\/p>\n\n\n\n<blockquote class=\"wp-block-quote has-yellow-color has-text-color has-link-color wp-elements-224208c3992d79b990dbf09f17c795a0 is-layout-flow wp-block-quote-is-layout-flow\">\n<p>&#8221; Une entreprise, comme toute autre organisation aujourd\u2019hui, doit \u00eatre con\u00e7ue pour consid\u00e9rer le changement comme la norme, et pour le provoquer plut\u00f4t que simplement y r\u00e9agir&#8221;<\/p>\n<cite>&#8211; Peter Drucker<\/cite><\/blockquote>\n\n\n\n<p>\u00c0 travers le DO, le changement syst\u00e9mique touche toutes les strates de l\u2019organisation, depuis les structures et les processus jusqu\u2019aux mentalit\u00e9s et aux valeurs. Il ne s\u2019agit pas seulement de transformer les syst\u00e8mes \u2014 mais aussi de faire grandir les individus.<\/p>\n\n\n\n<p>Pour comprendre l\u2019interaction entre les forces ext\u00e9rieures et les dynamiques internes (d\u00e9veloppement des talents, communication, innovation), le <strong>mod\u00e8le d\u2019Interaction Centr\u00e9e sur le Th\u00e8me (ICT)<\/strong>, con\u00e7u par Ruth Cohn, est un guide pr\u00e9cieux.<\/p>\n\n\n\n<div style=\"height:38px\" aria-hidden=\"true\" class=\"wp-block-spacer\"><\/div>\n\n\n\n<div class=\"wp-block-columns is-layout-flex wp-container-core-columns-is-layout-28f84493 wp-block-columns-is-layout-flex\">\n<div class=\"wp-block-column is-layout-flow wp-block-column-is-layout-flow\">\n<p><strong>L\u2019ICT r\u00e9v\u00e8le les trois forces internes qui propulsent une organisation :<\/strong><\/p>\n\n\n\n<ul class=\"wp-block-list\">\n<li><strong>Le individu<\/strong> : talents, motivations, responsabilit\u00e9s.<br><\/li>\n\n\n\n<li><strong>Le groupe<\/strong> : dynamique collective et collaboration.<br><\/li>\n\n\n\n<li><strong>La t\u00e2che<\/strong> : projets, services, produits r\u00e9alis\u00e9s ensemble.<\/li>\n<\/ul>\n\n\n\n<p>Visualis\u00e9 sous forme d\u2019un triangle, ces trois \u00e9l\u00e9ments doivent rester en \u00e9quilibre. Le triangle est encercl\u00e9 du Globe \/ de l\u2019environnement : \u00e9volutions du march\u00e9, nouvelles technologies, changements soci\u00e9taux. Chaque mouvement externe impose une r\u00e9adaptation de l\u2019\u00e9quilibre interne.<\/p>\n<\/div>\n\n\n\n<div class=\"wp-block-column is-layout-flow wp-block-column-is-layout-flow\">\n<figure class=\"wp-block-image size-large is-resized\"><img loading=\"lazy\" decoding=\"async\" width=\"990\" height=\"1024\" src=\"https:\/\/www.culture-relations.net\/wp-content\/uploads\/2025\/05\/TCI_F-990x1024.png\" alt=\"\" class=\"wp-image-7820\" style=\"width:308px;height:auto\" srcset=\"https:\/\/www.culture-relations.net\/wp-content\/uploads\/2025\/05\/TCI_F-990x1024.png 990w, https:\/\/www.culture-relations.net\/wp-content\/uploads\/2025\/05\/TCI_F-338x350.png 338w, https:\/\/www.culture-relations.net\/wp-content\/uploads\/2025\/05\/TCI_F-768x795.png 768w, https:\/\/www.culture-relations.net\/wp-content\/uploads\/2025\/05\/TCI_F.png 1379w\" sizes=\"auto, (max-width: 990px) 100vw, 990px\" \/><\/figure>\n<\/div>\n<\/div>\n\n\n\n<p>Dans une d\u00e9marche de DO, il est essentiel d\u2019ajuster en permanence ces trois p\u00f4les \u2014 renforcer les individus, cultiver la dynamique collective, clarifier les objectifs communs \u2014 tout en restant attentif aux forces du contexte.<br>Si un p\u00f4le devient trop dominant, c\u2019est tout le syst\u00e8me qui se fragilise.<\/p>\n\n\n\n<p>Deux principes fondamentaux de l\u2019ICT guident la gestion du facteur humain :<\/p>\n\n\n\n<ul class=\"wp-block-list\">\n<li><strong>L\u2019autonomie personnelle<\/strong> (\u00ab\u2009soyez votre propre pr\u00e9sident\u2009\u00bb) : \u00e9couter ses besoins, les exprimer et agir de mani\u00e8re responsable.<br><\/li>\n\n\n\n<li><strong>La priorit\u00e9 aux perturbations<\/strong> : identifier et traiter rapidement les tensions qui affectent la dynamique du groupe.<\/li>\n<\/ul>\n\n\n\n<p>These principles keep the human dynamic aligned with organizational goals and support constructive transformation.<\/p>\n\n\n\n<p class=\"has-neutral-background-color has-background\">\u2192 <strong> L\u2019ICT est une boussole puissante pour toute d\u00e9marche de d\u00e9veloppement organisationnel<\/strong>, permettant de cartographier les influences ext\u00e9rieures et de piloter les transitions internes avec clart\u00e9 et agilit\u00e9.<br><\/p>\n\n\n\n<hr class=\"wp-block-separator has-css-opacity\"\/>\n\n\n\n<p class=\"has-small-font-size\">* Peter F. Drucker (1909\u20132005) : pionnier du management moderne.<br>* Ruth C. Cohn (1912\u20132010) : psychoth\u00e9rapeute et \u00e9ducatrice, cr\u00e9atrice de l\u2019Interaction Centr\u00e9e sur le Th\u00e8me (ICT).<\/p>\n\n\n\n<p class=\"has-small-font-size\"><\/p>\n\n\n\n<p><\/p>\n<\/div>\n","protected":false},"excerpt":{"rendered":"<p>Naviguer dans le changement avec l\u2019Interaction Centr\u00e9e sur le Th\u00e8me (ICT) Le d\u00e9veloppement organisationnel (DO) accueille le changement \u2014 interne comme externe \u2014 et l\u2019utilise comme moteur de renouvellement. Son objectif ? Aider les organisations \u00e0 s\u2019adapter plus vite et plus intelligemment \u00e0 un monde VICA: volatil, incertain, complexe et ambigu. &#8221; Une entreprise, comme [&hellip;]<\/p>\n","protected":false},"author":1,"featured_media":0,"parent":1082,"menu_order":0,"comment_status":"closed","ping_status":"closed","template":"content-pages-OD.php","meta":{"_genesis_hide_title":false,"_genesis_hide_breadcrumbs":false,"_genesis_hide_singular_image":false,"_genesis_hide_footer_widgets":false,"_genesis_custom_body_class":"","_genesis_custom_post_class":"","_genesis_layout":"","footnotes":""},"class_list":{"0":"post-2464","1":"page","2":"type-page","3":"status-publish","5":"entry"},"_links":{"self":[{"href":"https:\/\/www.culture-relations.net\/fr\/wp-json\/wp\/v2\/pages\/2464","targetHints":{"allow":["GET"]}}],"collection":[{"href":"https:\/\/www.culture-relations.net\/fr\/wp-json\/wp\/v2\/pages"}],"about":[{"href":"https:\/\/www.culture-relations.net\/fr\/wp-json\/wp\/v2\/types\/page"}],"author":[{"embeddable":true,"href":"https:\/\/www.culture-relations.net\/fr\/wp-json\/wp\/v2\/users\/1"}],"replies":[{"embeddable":true,"href":"https:\/\/www.culture-relations.net\/fr\/wp-json\/wp\/v2\/comments?post=2464"}],"version-history":[{"count":6,"href":"https:\/\/www.culture-relations.net\/fr\/wp-json\/wp\/v2\/pages\/2464\/revisions"}],"predecessor-version":[{"id":7823,"href":"https:\/\/www.culture-relations.net\/fr\/wp-json\/wp\/v2\/pages\/2464\/revisions\/7823"}],"up":[{"embeddable":true,"href":"https:\/\/www.culture-relations.net\/fr\/wp-json\/wp\/v2\/pages\/1082"}],"wp:attachment":[{"href":"https:\/\/www.culture-relations.net\/fr\/wp-json\/wp\/v2\/media?parent=2464"}],"curies":[{"name":"wp","href":"https:\/\/api.w.org\/{rel}","templated":true}]}}